{"id":182,"date":"2020-08-13T07:14:45","date_gmt":"2020-08-13T05:14:45","guid":{"rendered":"http:\/\/www.headshots-wiesbaden.com\/?page_id=182"},"modified":"2024-10-16T07:38:05","modified_gmt":"2024-10-16T05:38:05","slug":"impressum","status":"publish","type":"page","link":"https:\/\/www.headshots-wiesbaden.com\/en\/impressum\/","title":{"rendered":"Impressum"},"content":{"rendered":"<div data-elementor-type=\"wp-page\" data-elementor-id=\"182\" class=\"elementor elementor-182\" data-elementor-post-type=\"page\">\n\t\t\t\t\t\t<section class=\"elementor-section elementor-top-section elementor-element elementor-element-0953b92 elementor-section-height-min-height elementor-section-boxed elementor-section-height-default elementor-section-items-middle\" data-id=\"0953b92\" data-element_type=\"section\">\n\t\t\t\t\t\t<div class=\"elementor-container elementor-column-gap-default\">\n\t\t\t\t\t<div class=\"elementor-column elementor-col-100 elementor-top-column elementor-element elementor-element-ce02003\" data-id=\"ce02003\" data-element_type=\"column\">\n\t\t\t<div class=\"elementor-widget-wrap elementor-element-populated\">\n\t\t\t\t\t\t<div class=\"elementor-element elementor-element-791a3fd elementor-widget elementor-widget-heading\" data-id=\"791a3fd\" data-element_type=\"widget\" data-widget_type=\"heading.default\">\n\t\t\t\t<div class=\"elementor-widget-container\">\n\t\t\t<h2 class=\"elementor-heading-title elementor-size-default\"> Impressum (...is' auch wichtig!)<\/h2>\t\t<\/div>\n\t\t\t\t<\/div>\n\t\t\t\t\t<\/div>\n\t\t<\/div>\n\t\t\t\t\t<\/div>\n\t\t<\/section>\n\t\t\t\t<section class=\"elementor-section elementor-top-section elementor-element elementor-element-93e6c31 elementor-section-boxed elementor-section-height-default elementor-section-height-default\" data-id=\"93e6c31\" data-element_type=\"section\">\n\t\t\t\t\t\t<div class=\"elementor-container elementor-column-gap-default\">\n\t\t\t\t\t<div class=\"elementor-column elementor-col-50 elementor-top-column elementor-element elementor-element-0af5852\" data-id=\"0af5852\" data-element_type=\"column\">\n\t\t\t<div class=\"elementor-widget-wrap elementor-element-populated\">\n\t\t\t\t\t\t<div class=\"elementor-element elementor-element-8edf667 elementor-widget elementor-widget-text-editor\" data-id=\"8edf667\" data-element_type=\"widget\" data-widget_type=\"text-editor.default\">\n\t\t\t\t<div class=\"elementor-widget-container\">\n\t\t\t\t\t\t\t<p><b>Impressum<\/b><\/p>\n<p>Angaben gem\u00e4\u00df \u00a7 5 TMG<\/p>\n<p>Angie Meyer Photography<\/p>\n<p>Angela Meyer<\/p>\n<p>Simone-Veil-Stra\u00dfe 3<\/p>\n<p>65197 Wiesbaden<\/p>\n<p>get in touch<\/p>\n<p>Telefon: 0151.524 11 692 (ruf an oder schreib mir eine Nachricht)<\/p>\n<p>E-Mail: angie@angiemeyer.com<\/p><p><span style=\"font-size: 15px; color: var( --e-global-color-22fe69f );\">Umsatzsteuer-Identifikationsnummer gem\u00e4\u00df \u00a7 27 a Umsatzsteuergesetz: 04084631737<\/span><\/p>\t\t\t\t\t\t<\/div>\n\t\t\t\t<\/div>\n\t\t\t\t\t<\/div>\n\t\t<\/div>\n\t\t\t\t<div class=\"elementor-column elementor-col-50 elementor-top-column elementor-element elementor-element-79b6d26\" data-id=\"79b6d26\" data-element_type=\"column\">\n\t\t\t<div class=\"elementor-widget-wrap elementor-element-populated\">\n\t\t\t\t\t\t<div class=\"elementor-element elementor-element-aeb84af elementor-widget elementor-widget-image\" data-id=\"aeb84af\" data-element_type=\"widget\" data-widget_type=\"image.default\">\n\t\t\t\t<div class=\"elementor-widget-container\">\n\t\t\t\t\t\t\t\t\t\t\t\t\t<img fetchpriority=\"high\" decoding=\"async\" width=\"768\" height=\"512\" src=\"https:\/\/www.headshots-wiesbaden.com\/wp-content\/uploads\/2024\/10\/2024-10-bnw-portrait-2-768x512.webp\" class=\"attachment-medium_large size-medium_large wp-image-19381\" alt=\"\" srcset=\"https:\/\/www.headshots-wiesbaden.com\/wp-content\/uploads\/2024\/10\/2024-10-bnw-portrait-2-768x512.webp 768w, https:\/\/www.headshots-wiesbaden.com\/wp-content\/uploads\/2024\/10\/2024-10-bnw-portrait-2-300x200.webp 300w, https:\/\/www.headshots-wiesbaden.com\/wp-content\/uploads\/2024\/10\/2024-10-bnw-portrait-2-1024x683.webp 1024w, https:\/\/www.headshots-wiesbaden.com\/wp-content\/uploads\/2024\/10\/2024-10-bnw-portrait-2-1536x1024.webp 1536w, https:\/\/www.headshots-wiesbaden.com\/wp-content\/uploads\/2024\/10\/2024-10-bnw-portrait-2.webp 1920w\" sizes=\"(max-width: 768px) 100vw, 768px\" \/>\t\t\t\t\t\t\t\t\t\t\t\t\t<\/div>\n\t\t\t\t<\/div>\n\t\t\t\t<div class=\"elementor-element elementor-element-f865fc4 elementor-widget elementor-widget-text-editor\" data-id=\"f865fc4\" data-element_type=\"widget\" data-widget_type=\"text-editor.default\">\n\t\t\t\t<div class=\"elementor-widget-container\">\n\t\t\t\t\t\t\t<p>Hey! Echt jetzt?! Impressum?? \u00a0Das ist doch voll langweilig hier&#8230;<\/p>\t\t\t\t\t\t<\/div>\n\t\t\t\t<\/div>\n\t\t\t\t\t<\/div>\n\t\t<\/div>\n\t\t\t\t\t<\/div>\n\t\t<\/section>\n\t\t\t\t<section class=\"elementor-section elementor-top-section elementor-element elementor-element-ef640b0 elementor-section-boxed elementor-section-height-default elementor-section-height-default\" data-id=\"ef640b0\" data-element_type=\"section\">\n\t\t\t\t\t\t<div class=\"elementor-container elementor-column-gap-default\">\n\t\t\t\t\t<div class=\"elementor-column elementor-col-50 elementor-top-column elementor-element elementor-element-86c2b9f\" data-id=\"86c2b9f\" data-element_type=\"column\">\n\t\t\t<div class=\"elementor-widget-wrap elementor-element-populated\">\n\t\t\t\t\t\t<div class=\"elementor-element elementor-element-408385a elementor-widget elementor-widget-text-editor\" data-id=\"408385a\" data-element_type=\"widget\" data-widget_type=\"text-editor.default\">\n\t\t\t\t<div class=\"elementor-widget-container\">\n\t\t\t\t\t\t\t<p><b>Haftung f\u00fcr Inhalte<\/b><\/p>\n<p>Die Inhalte unserer Seiten wurden mit gr\u00f6\u00dfter Sorgfalt erstellt. F\u00fcr die Richtigkeit, Vollst\u00e4ndigkeit und Aktualit\u00e4t der Inhalte k\u00f6nnen wir jedoch keine Gew\u00e4hr \u00fcbernehmen. Als Diensteanbieter sind wir gem\u00e4\u00df \u00a7 7 Abs.1 TMG f\u00fcr eigene Inhalte auf diesen Seiten nach den allgemeinen Gesetzen verantwortlich. Nach \u00a7\u00a7 8 bis 10 TMG sind wir als Diensteanbieter jedoch nicht verpflichtet, \u00fcbermittelte oder gespeicherte fremde Informationen zu \u00fcberwachen oder nach Umst\u00e4nden zu forschen, die auf eine rechtswidrige T\u00e4tigkeit hinweisen. Verpflichtungen zur Entfernung oder Sperrung der Nutzung von Informationen nach den allgemeinen Gesetzen bleiben hiervon unber\u00fchrt. Eine diesbez\u00fcgliche Haftung ist jedoch erst ab dem Zeitpunkt der Kenntnis einer konkreten Rechtsverletzung m\u00f6glich. Bei Bekanntwerden von entsprechenden Rechtsverletzungen werden wir diese Inhalte umgehend entfernen.<\/p>\t\t\t\t\t\t<\/div>\n\t\t\t\t<\/div>\n\t\t\t\t\t<\/div>\n\t\t<\/div>\n\t\t\t\t<div class=\"elementor-column elementor-col-50 elementor-top-column elementor-element elementor-element-785337a\" data-id=\"785337a\" data-element_type=\"column\">\n\t\t\t<div class=\"elementor-widget-wrap elementor-element-populated\">\n\t\t\t\t\t\t<div class=\"elementor-element elementor-element-b92a5d6 elementor-widget elementor-widget-text-editor\" data-id=\"b92a5d6\" data-element_type=\"widget\" data-widget_type=\"text-editor.default\">\n\t\t\t\t<div class=\"elementor-widget-container\">\n\t\t\t\t\t\t\t<p><b>Haftung f\u00fcr Links<\/b><\/p>\n<p>Unser Angebot enth\u00e4lt Links zu externen Webseiten Dritter, auf deren Inhalte wir keinen Einfluss haben. Deshalb k\u00f6nnen wir f\u00fcr diese fremden Inhalte auch keine Gew\u00e4hr \u00fcbernehmen. F\u00fcr die Inhalte der verlinkten Seiten ist stets der jeweilige Anbieter oder Betreiber der Seiten verantwortlich. Die verlinkten Seiten wurden zum Zeitpunkt der Verlinkung auf m\u00f6gliche Rechtsverst\u00f6\u00dfe \u00fcberpr\u00fcft. Rechtswidrige Inhalte waren zum Zeitpunkt der Verlinkung nicht erkennbar. Eine permanente inhaltliche Kontrolle der verlinkten Seiten ist jedoch ohne konkrete Anhaltspunkte einer Rechtsverletzung nicht zumutbar. Bei Bekanntwerden von Rechtsverletzungen werden wir derartige Links umgehend entfernen.<\/p>\t\t\t\t\t\t<\/div>\n\t\t\t\t<\/div>\n\t\t\t\t\t<\/div>\n\t\t<\/div>\n\t\t\t\t\t<\/div>\n\t\t<\/section>\n\t\t\t\t<section class=\"elementor-section elementor-top-section elementor-element elementor-element-919105e elementor-section-boxed elementor-section-height-default elementor-section-height-default\" data-id=\"919105e\" data-element_type=\"section\">\n\t\t\t\t\t\t<div class=\"elementor-container elementor-column-gap-default\">\n\t\t\t\t\t<div class=\"elementor-column elementor-col-50 elementor-top-column elementor-element elementor-element-31b7804\" data-id=\"31b7804\" data-element_type=\"column\">\n\t\t\t<div class=\"elementor-widget-wrap elementor-element-populated\">\n\t\t\t\t\t\t<div class=\"elementor-element elementor-element-5e47bd2 elementor-widget elementor-widget-text-editor\" data-id=\"5e47bd2\" data-element_type=\"widget\" data-widget_type=\"text-editor.default\">\n\t\t\t\t<div class=\"elementor-widget-container\">\n\t\t\t\t\t\t\t<p><b>Streitbeilegung<\/b><\/p>\n<p>Online-Streitbeilegung gem\u00e4\u00df Art. 14 Abs. 1 ODR-VO: Die Europ\u00e4ische Kommission stellt eine Plattform zur Online-Streitbeilegung (OS) bereit, die du unter http:\/\/ec.europa.eu\/consumers\/odr\/ findest. Ich nehmen nicht an einem Streitbeilegungsverfahren vor einer Verbraucherschlichtungsstelle teil.<\/p>\t\t\t\t\t\t<\/div>\n\t\t\t\t<\/div>\n\t\t\t\t\t<\/div>\n\t\t<\/div>\n\t\t\t\t<div class=\"elementor-column elementor-col-50 elementor-top-column elementor-element elementor-element-05d9713\" data-id=\"05d9713\" data-element_type=\"column\">\n\t\t\t<div class=\"elementor-widget-wrap elementor-element-populated\">\n\t\t\t\t\t\t<div class=\"elementor-element elementor-element-a373207 elementor-widget elementor-widget-text-editor\" data-id=\"a373207\" data-element_type=\"widget\" data-widget_type=\"text-editor.default\">\n\t\t\t\t<div class=\"elementor-widget-container\">\n\t\t\t\t\t\t\t<p><b>Urheberrecht \/ Leistungsschutzrecht<\/b><\/p>\n<p>F\u00fcr die auf dieser Seite ver\u00f6ffentlichte Inhalte findet das deutsche Urheber- und Leistungsschutzrecht Anwendung. Sofern die Vervielf\u00e4ltigung, Bearbeitung, Verbreitung oder jegliche andere Art der Verwertung au\u00dferhalb des deutschen Urheber- und Leistungsschutzrechts liegt, bedarf es einer schriftlichen Zustimmung.<\/p>\t\t\t\t\t\t<\/div>\n\t\t\t\t<\/div>\n\t\t\t\t\t<\/div>\n\t\t<\/div>\n\t\t\t\t\t<\/div>\n\t\t<\/section>\n\t\t\t\t<section class=\"elementor-section elementor-top-section elementor-element elementor-element-e6bd2e5 elementor-section-boxed elementor-section-height-default elementor-section-height-default\" data-id=\"e6bd2e5\" data-element_type=\"section\">\n\t\t\t\t\t\t<div class=\"elementor-container elementor-column-gap-default\">\n\t\t\t\t\t<div class=\"elementor-column elementor-col-50 elementor-top-column elementor-element elementor-element-829d909\" data-id=\"829d909\" data-element_type=\"column\">\n\t\t\t<div class=\"elementor-widget-wrap elementor-element-populated\">\n\t\t\t\t\t\t<div class=\"elementor-element elementor-element-3f50957 elementor-widget elementor-widget-image\" data-id=\"3f50957\" data-element_type=\"widget\" data-widget_type=\"image.default\">\n\t\t\t\t<div class=\"elementor-widget-container\">\n\t\t\t\t\t\t\t\t\t\t\t\t\t<img decoding=\"async\" width=\"768\" height=\"512\" src=\"https:\/\/www.headshots-wiesbaden.com\/wp-content\/uploads\/2024\/10\/2024-10-bnw-portrait-768x512.webp\" class=\"attachment-medium_large size-medium_large wp-image-19380\" alt=\"\" srcset=\"https:\/\/www.headshots-wiesbaden.com\/wp-content\/uploads\/2024\/10\/2024-10-bnw-portrait-768x512.webp 768w, https:\/\/www.headshots-wiesbaden.com\/wp-content\/uploads\/2024\/10\/2024-10-bnw-portrait-300x200.webp 300w, https:\/\/www.headshots-wiesbaden.com\/wp-content\/uploads\/2024\/10\/2024-10-bnw-portrait-1024x683.webp 1024w, https:\/\/www.headshots-wiesbaden.com\/wp-content\/uploads\/2024\/10\/2024-10-bnw-portrait-1536x1024.webp 1536w, https:\/\/www.headshots-wiesbaden.com\/wp-content\/uploads\/2024\/10\/2024-10-bnw-portrait.webp 1920w\" sizes=\"(max-width: 768px) 100vw, 768px\" \/>\t\t\t\t\t\t\t\t\t\t\t\t\t<\/div>\n\t\t\t\t<\/div>\n\t\t\t\t<div class=\"elementor-element elementor-element-762b6d2 elementor-widget elementor-widget-text-editor\" data-id=\"762b6d2\" data-element_type=\"widget\" data-widget_type=\"text-editor.default\">\n\t\t\t\t<div class=\"elementor-widget-container\">\n\t\t\t\t\t\t\t<p>Yay! Cool, dass Du bis hierher gekommen bist! Wenn Du Fragen hast, schreib mir oder buch Dir direkt Dein Gespr\u00e4ch mit mir!<\/p>\t\t\t\t\t\t<\/div>\n\t\t\t\t<\/div>\n\t\t\t\t\t<\/div>\n\t\t<\/div>\n\t\t\t\t<div class=\"elementor-column elementor-col-50 elementor-top-column elementor-element elementor-element-eb8ce20\" data-id=\"eb8ce20\" data-element_type=\"column\">\n\t\t\t<div class=\"elementor-widget-wrap elementor-element-populated\">\n\t\t\t\t\t\t<div class=\"elementor-element elementor-element-55d2fa5 elementor-widget elementor-widget-text-editor\" data-id=\"55d2fa5\" data-element_type=\"widget\" data-widget_type=\"text-editor.default\">\n\t\t\t\t<div class=\"elementor-widget-container\">\n\t\t\t\t\t\t\t<p><b>Urheberrecht<\/b><\/p>\n<p>Die durch die Seitenbetreiber erstellten Inhalte und Werke auf diesen Seiten unterliegen dem deutschen Urheberrecht. Die Vervielf\u00e4ltigung, Bearbeitung, Verbreitung und jede Art der Verwertung au\u00dferhalb der Grenzen des Urheberrechtes bed\u00fcrfen der schriftlichen Zustimmung des jeweiligen Autors bzw. Erstellers. Downloads und Kopien dieser Seite sind nur f\u00fcr den privaten, nicht kommerziellen Gebrauch gestattet. Soweit die Inhalte auf dieser Seite nicht vom Betreiber erstellt wurden, werden die Urheberrechte Dritter beachtet. Insbesondere werden Inhalte Dritter als solche gekennzeichnet. Sollten Sie trotzdem auf eine Urheberrechtsverletzung aufmerksam werden, bitten wir um einen entsprechenden Hinweis. Bei Bekanntwerden von Rechtsverletzungen werden wir derartige Inhalte umgehend entfernen.<\/p>\n<p>Quellenangaben:\u00a0<a href=\"http:\/\/www.e-recht24.de\/muster-disclaimer.htm\" target=\"_blank\" rel=\"noopener noreferrer\">Disclaimer eRecht24<\/a>,\u00a0<a href=\"http:\/\/www.google.com\/intl\/de_ALL\/analytics\/tos.html\" target=\"_blank\" rel=\"noopener noreferrer\">Google Analytics Datenschutzerkl\u00e4rung<\/a><\/p>\t\t\t\t\t\t<\/div>\n\t\t\t\t<\/div>\n\t\t\t\t\t<\/div>\n\t\t<\/div>\n\t\t\t\t\t<\/div>\n\t\t<\/section>\n\t\t\t\t<section class=\"elementor-section elementor-top-section elementor-element elementor-element-a8114ef elementor-section-boxed elementor-section-height-default elementor-section-height-default\" data-id=\"a8114ef\" data-element_type=\"section\">\n\t\t\t\t\t\t<div class=\"elementor-container elementor-column-gap-default\">\n\t\t\t\t\t<div class=\"elementor-column elementor-col-50 elementor-top-column elementor-element elementor-element-cece951\" data-id=\"cece951\" data-element_type=\"column\">\n\t\t\t<div class=\"elementor-widget-wrap elementor-element-populated\">\n\t\t\t\t\t\t<div class=\"elementor-element elementor-element-a4adf09 elementor-align-center elementor-widget elementor-widget-button\" data-id=\"a4adf09\" data-element_type=\"widget\" data-widget_type=\"button.default\">\n\t\t\t\t<div class=\"elementor-widget-container\">\n\t\t\t\t\t<div class=\"elementor-button-wrapper\">\n\t\t\t<a class=\"elementor-button elementor-button-link elementor-size-sm\" href=\"https:\/\/www.headshots-wiesbaden.com\/en\/kontakt\/\">\n\t\t\t\t\t\t<span class=\"elementor-button-content-wrapper\">\n\t\t\t\t\t\t\t\t\t<span class=\"elementor-button-text\">text me<\/span>\n\t\t\t\t\t<\/span>\n\t\t\t\t\t<\/a>\n\t\t<\/div>\n\t\t\t\t<\/div>\n\t\t\t\t<\/div>\n\t\t\t\t\t<\/div>\n\t\t<\/div>\n\t\t\t\t<div class=\"elementor-column elementor-col-50 elementor-top-column elementor-element elementor-element-cd75efd\" data-id=\"cd75efd\" data-element_type=\"column\">\n\t\t\t<div class=\"elementor-widget-wrap elementor-element-populated\">\n\t\t\t\t\t\t<div class=\"elementor-element elementor-element-248f485 elementor-align-center elementor-widget elementor-widget-button\" data-id=\"248f485\" data-element_type=\"widget\" data-widget_type=\"button.default\">\n\t\t\t\t<div class=\"elementor-widget-container\">\n\t\t\t\t\t<div class=\"elementor-button-wrapper\">\n\t\t\t<a class=\"elementor-button elementor-button-link elementor-size-sm\" href=\"https:\/\/www.headshots-wiesbaden.com\/en\/buchung\/\">\n\t\t\t\t\t\t<span class=\"elementor-button-content-wrapper\">\n\t\t\t\t\t\t\t\t\t<span class=\"elementor-button-text\">let's talk<\/span>\n\t\t\t\t\t<\/span>\n\t\t\t\t\t<\/a>\n\t\t<\/div>\n\t\t\t\t<\/div>\n\t\t\t\t<\/div>\n\t\t\t\t\t<\/div>\n\t\t<\/div>\n\t\t\t\t\t<\/div>\n\t\t<\/section>\n\t\t\t\t<\/div>","protected":false},"excerpt":{"rendered":"<p>Impressum (&#8230;is&#8216; auch wichtig!) Impressum Angaben gem\u00e4\u00df \u00a7 5 TMG Angie Meyer Photography Angela Meyer Simone-Veil-Stra\u00dfe 3 65197 Wiesbaden Kontakt Telefon: 0151.524 11 692 (ruf an oder schreib mir eine Nachricht) E-Mail: angie@angiemeyer.com Umsatzsteuer-Identifikationsnummer gem\u00e4\u00df \u00a7 27 a Umsatzsteuergesetz: 04084631737 Hey! Echt jetzt?! Impressum?? \u00a0Das ist doch voll langweilig hier&#8230; Haftung f\u00fcr Inhalte Die Inhalte [&hellip;]<\/p>","protected":false},"author":1,"featured_media":0,"parent":0,"menu_order":0,"comment_status":"closed","ping_status":"closed","template":"","meta":{"ocean_post_layout":"full-width","ocean_both_sidebars_style":"","ocean_both_sidebars_content_width":0,"ocean_both_sidebars_sidebars_width":0,"ocean_sidebar":"0","ocean_second_sidebar":"0","ocean_disable_margins":"on","ocean_add_body_class":"","ocean_shortcode_before_top_bar":"","ocean_shortcode_after_top_bar":"","ocean_shortcode_before_header":"","ocean_shortcode_after_header":"","ocean_has_shortcode":"","ocean_shortcode_after_title":"","ocean_shortcode_before_footer_widgets":"","ocean_shortcode_after_footer_widgets":"","ocean_shortcode_before_footer_bottom":"","ocean_shortcode_after_footer_bottom":"","ocean_display_top_bar":"default","ocean_display_header":"default","ocean_header_style":"","ocean_center_header_left_menu":"0","ocean_custom_header_template":"0","ocean_custom_logo":0,"ocean_custom_retina_logo":0,"ocean_custom_logo_max_width":0,"ocean_custom_logo_tablet_max_width":0,"ocean_custom_logo_mobile_max_width":0,"ocean_custom_logo_max_height":0,"ocean_custom_logo_tablet_max_height":0,"ocean_custom_logo_mobile_max_height":0,"ocean_header_custom_menu":"0","ocean_menu_typo_font_family":"0","ocean_menu_typo_font_subset":"","ocean_menu_typo_font_size":0,"ocean_menu_typo_font_size_tablet":0,"ocean_menu_typo_font_size_mobile":0,"ocean_menu_typo_font_size_unit":"px","ocean_menu_typo_font_weight":"","ocean_menu_typo_font_weight_tablet":"","ocean_menu_typo_font_weight_mobile":"","ocean_menu_typo_transform":"","ocean_menu_typo_transform_tablet":"","ocean_menu_typo_transform_mobile":"","ocean_menu_typo_line_height":0,"ocean_menu_typo_line_height_tablet":0,"ocean_menu_typo_line_height_mobile":0,"ocean_menu_typo_line_height_unit":"","ocean_menu_typo_spacing":0,"ocean_menu_typo_spacing_tablet":0,"ocean_menu_typo_spacing_mobile":0,"ocean_menu_typo_spacing_unit":"","ocean_menu_link_color":"","ocean_menu_link_color_hover":"","ocean_menu_link_color_active":"","ocean_menu_link_background":"","ocean_menu_link_hover_background":"","ocean_menu_link_active_background":"","ocean_menu_social_links_bg":"","ocean_menu_social_hover_links_bg":"","ocean_menu_social_links_color":"","ocean_menu_social_hover_links_color":"","ocean_disable_title":"default","ocean_disable_heading":"default","ocean_post_title":"","ocean_post_subheading":"","ocean_post_title_style":"","ocean_post_title_background_color":"","ocean_post_title_background":0,"ocean_post_title_bg_image_position":"","ocean_post_title_bg_image_attachment":"","ocean_post_title_bg_image_repeat":"","ocean_post_title_bg_image_size":"","ocean_post_title_height":0,"ocean_post_title_bg_overlay":0.5,"ocean_post_title_bg_overlay_color":"","ocean_disable_breadcrumbs":"default","ocean_breadcrumbs_color":"","ocean_breadcrumbs_separator_color":"","ocean_breadcrumbs_links_color":"","ocean_breadcrumbs_links_hover_color":"","ocean_display_footer_widgets":"default","ocean_display_footer_bottom":"default","ocean_custom_footer_template":"0"},"yoast_head":"<!-- This site is optimized with the Yoast SEO plugin v21.7 - https:\/\/yoast.com\/wordpress\/plugins\/seo\/ -->\n<title>Impressum - headshots-wiesbaden.com<\/title>\n<meta name=\"description\" content=\"Impressum Angie Meyer Fotografie, professionelle Headshots f\u00fcr Web und Business im Rhein-Main-Gebiet\" \/>\n<meta name=\"robots\" content=\"index, follow, max-snippet:-1, max-image-preview:large, max-video-preview:-1\" \/>\n<link rel=\"canonical\" href=\"https:\/\/www.headshots-wiesbaden.com\/en\/impressum\/\" \/>\n<meta property=\"og:locale\" content=\"en_US\" \/>\n<meta property=\"og:type\" content=\"article\" \/>\n<meta property=\"og:title\" content=\"Impressum - headshots-wiesbaden.com\" \/>\n<meta property=\"og:description\" content=\"Impressum Angie Meyer Fotografie, professionelle Headshots f\u00fcr Web und Business im Rhein-Main-Gebiet\" \/>\n<meta property=\"og:url\" content=\"https:\/\/www.headshots-wiesbaden.com\/en\/impressum\/\" \/>\n<meta property=\"og:site_name\" content=\"headshots-wiesbaden.com\" \/>\n<meta property=\"article:publisher\" content=\"https:\/\/www.facebook.com\/headshotfotografie.wiesbaden\" \/>\n<meta property=\"article:modified_time\" content=\"2024-10-16T05:38:05+00:00\" \/>\n<meta property=\"og:image\" content=\"https:\/\/www.headshots-wiesbaden.com\/wp-content\/uploads\/2024\/10\/2024-10-bnw-portrait-2-768x512.webp\" \/>\n<meta name=\"twitter:card\" content=\"summary_large_image\" \/>\n<meta name=\"twitter:label1\" content=\"Est. reading time\" \/>\n\t<meta name=\"twitter:data1\" content=\"4 minutes\" \/>\n<script type=\"application\/ld+json\" class=\"yoast-schema-graph\">{\"@context\":\"https:\/\/schema.org\",\"@graph\":[{\"@type\":\"WebPage\",\"@id\":\"https:\/\/www.headshots-wiesbaden.com\/impressum\/\",\"url\":\"https:\/\/www.headshots-wiesbaden.com\/impressum\/\",\"name\":\"Impressum - headshots-wiesbaden.com\",\"isPartOf\":{\"@id\":\"https:\/\/www.headshots-wiesbaden.com\/#website\"},\"datePublished\":\"2020-08-13T05:14:45+00:00\",\"dateModified\":\"2024-10-16T05:38:05+00:00\",\"description\":\"Impressum Angie Meyer Fotografie, professionelle Headshots f\u00fcr Web und Business im Rhein-Main-Gebiet\",\"breadcrumb\":{\"@id\":\"https:\/\/www.headshots-wiesbaden.com\/impressum\/#breadcrumb\"},\"inLanguage\":\"en-US\",\"potentialAction\":[{\"@type\":\"ReadAction\",\"target\":[\"https:\/\/www.headshots-wiesbaden.com\/impressum\/\"]}]},{\"@type\":\"BreadcrumbList\",\"@id\":\"https:\/\/www.headshots-wiesbaden.com\/impressum\/#breadcrumb\",\"itemListElement\":[{\"@type\":\"ListItem\",\"position\":1,\"name\":\"Startseite\",\"item\":\"https:\/\/www.headshots-wiesbaden.com\/\"},{\"@type\":\"ListItem\",\"position\":2,\"name\":\"Impressum\"}]},{\"@type\":\"WebSite\",\"@id\":\"https:\/\/www.headshots-wiesbaden.com\/#website\",\"url\":\"https:\/\/www.headshots-wiesbaden.com\/\",\"name\":\"angiemeyerfotografie.de\",\"description\":\"Headshotfotografie f\u00fcr Profile mit Pers\u00f6nlichkeit\",\"publisher\":{\"@id\":\"https:\/\/www.headshots-wiesbaden.com\/#organization\"},\"potentialAction\":[{\"@type\":\"SearchAction\",\"target\":{\"@type\":\"EntryPoint\",\"urlTemplate\":\"https:\/\/www.headshots-wiesbaden.com\/?s={search_term_string}\"},\"query-input\":\"required name=search_term_string\"}],\"inLanguage\":\"en-US\"},{\"@type\":\"Organization\",\"@id\":\"https:\/\/www.headshots-wiesbaden.com\/#organization\",\"name\":\"Angie Meyer Fotografie\",\"url\":\"https:\/\/www.headshots-wiesbaden.com\/\",\"logo\":{\"@type\":\"ImageObject\",\"inLanguage\":\"en-US\",\"@id\":\"https:\/\/www.headshots-wiesbaden.com\/#\/schema\/logo\/image\/\",\"url\":\"https:\/\/www.angiemeyerfotografie.de\/wp-content\/uploads\/2021\/02\/cropped-Favicon_2021.png\",\"contentUrl\":\"https:\/\/www.angiemeyerfotografie.de\/wp-content\/uploads\/2021\/02\/cropped-Favicon_2021.png\",\"width\":512,\"height\":512,\"caption\":\"Angie Meyer Fotografie\"},\"image\":{\"@id\":\"https:\/\/www.headshots-wiesbaden.com\/#\/schema\/logo\/image\/\"},\"sameAs\":[\"https:\/\/www.facebook.com\/headshotfotografie.wiesbaden\",\"https:\/\/www.instagram.com\/angiemeyer.photo\/\",\"https:\/\/www.linkedin.com\/in\/angie-meyer-891a361b0\/\"]}]}<\/script>\n<!-- \/ Yoast SEO plugin. -->","yoast_head_json":{"title":"Impressum - headshots-wiesbaden.com","description":"Impressum Angie Meyer Fotografie, professionelle Headshots f\u00fcr Web und Business im Rhein-Main-Gebiet","robots":{"index":"index","follow":"follow","max-snippet":"max-snippet:-1","max-image-preview":"max-image-preview:large","max-video-preview":"max-video-preview:-1"},"canonical":"https:\/\/www.headshots-wiesbaden.com\/en\/impressum\/","og_locale":"en_US","og_type":"article","og_title":"Impressum - headshots-wiesbaden.com","og_description":"Impressum Angie Meyer Fotografie, professionelle Headshots f\u00fcr Web und Business im Rhein-Main-Gebiet","og_url":"https:\/\/www.headshots-wiesbaden.com\/en\/impressum\/","og_site_name":"headshots-wiesbaden.com","article_publisher":"https:\/\/www.facebook.com\/headshotfotografie.wiesbaden","article_modified_time":"2024-10-16T05:38:05+00:00","og_image":[{"url":"https:\/\/www.headshots-wiesbaden.com\/wp-content\/uploads\/2024\/10\/2024-10-bnw-portrait-2-768x512.webp"}],"twitter_card":"summary_large_image","twitter_misc":{"Est. reading time":"4 minutes"},"schema":{"@context":"https:\/\/schema.org","@graph":[{"@type":"WebPage","@id":"https:\/\/www.headshots-wiesbaden.com\/impressum\/","url":"https:\/\/www.headshots-wiesbaden.com\/impressum\/","name":"Impressum - headshots-wiesbaden.com","isPartOf":{"@id":"https:\/\/www.headshots-wiesbaden.com\/#website"},"datePublished":"2020-08-13T05:14:45+00:00","dateModified":"2024-10-16T05:38:05+00:00","description":"Impressum Angie Meyer Fotografie, professionelle Headshots f\u00fcr Web und Business im Rhein-Main-Gebiet","breadcrumb":{"@id":"https:\/\/www.headshots-wiesbaden.com\/impressum\/#breadcrumb"},"inLanguage":"en-US","potentialAction":[{"@type":"ReadAction","target":["https:\/\/www.headshots-wiesbaden.com\/impressum\/"]}]},{"@type":"BreadcrumbList","@id":"https:\/\/www.headshots-wiesbaden.com\/impressum\/#breadcrumb","itemListElement":[{"@type":"ListItem","position":1,"name":"Startseite","item":"https:\/\/www.headshots-wiesbaden.com\/"},{"@type":"ListItem","position":2,"name":"Impressum"}]},{"@type":"WebSite","@id":"https:\/\/www.headshots-wiesbaden.com\/#website","url":"https:\/\/www.headshots-wiesbaden.com\/","name":"angiemeyerfotografie.de","description":"Headshotfotografie f\u00fcr Profile mit Pers\u00f6nlichkeit","publisher":{"@id":"https:\/\/www.headshots-wiesbaden.com\/#organization"},"potentialAction":[{"@type":"SearchAction","target":{"@type":"EntryPoint","urlTemplate":"https:\/\/www.headshots-wiesbaden.com\/?s={search_term_string}"},"query-input":"required name=search_term_string"}],"inLanguage":"en-US"},{"@type":"Organization","@id":"https:\/\/www.headshots-wiesbaden.com\/#organization","name":"Angie Meyer Fotografie","url":"https:\/\/www.headshots-wiesbaden.com\/","logo":{"@type":"ImageObject","inLanguage":"en-US","@id":"https:\/\/www.headshots-wiesbaden.com\/#\/schema\/logo\/image\/","url":"https:\/\/www.angiemeyerfotografie.de\/wp-content\/uploads\/2021\/02\/cropped-Favicon_2021.png","contentUrl":"https:\/\/www.angiemeyerfotografie.de\/wp-content\/uploads\/2021\/02\/cropped-Favicon_2021.png","width":512,"height":512,"caption":"Angie Meyer Fotografie"},"image":{"@id":"https:\/\/www.headshots-wiesbaden.com\/#\/schema\/logo\/image\/"},"sameAs":["https:\/\/www.facebook.com\/headshotfotografie.wiesbaden","https:\/\/www.instagram.com\/angiemeyer.photo\/","https:\/\/www.linkedin.com\/in\/angie-meyer-891a361b0\/"]}]}},"_links":{"self":[{"href":"https:\/\/www.headshots-wiesbaden.com\/en\/wp-json\/wp\/v2\/pages\/182"}],"collection":[{"href":"https:\/\/www.headshots-wiesbaden.com\/en\/wp-json\/wp\/v2\/pages"}],"about":[{"href":"https:\/\/www.headshots-wiesbaden.com\/en\/wp-json\/wp\/v2\/types\/page"}],"author":[{"embeddable":true,"href":"https:\/\/www.headshots-wiesbaden.com\/en\/wp-json\/wp\/v2\/users\/1"}],"replies":[{"embeddable":true,"href":"https:\/\/www.headshots-wiesbaden.com\/en\/wp-json\/wp\/v2\/comments?post=182"}],"version-history":[{"count":3,"href":"https:\/\/www.headshots-wiesbaden.com\/en\/wp-json\/wp\/v2\/pages\/182\/revisions"}],"predecessor-version":[{"id":19805,"href":"https:\/\/www.headshots-wiesbaden.com\/en\/wp-json\/wp\/v2\/pages\/182\/revisions\/19805"}],"wp:attachment":[{"href":"https:\/\/www.headshots-wiesbaden.com\/en\/wp-json\/wp\/v2\/media?parent=182"}],"curies":[{"name":"wp","href":"https:\/\/api.w.org\/{rel}","templated":true}]}}